{"id":5572,"date":"2022-03-29T11:10:54","date_gmt":"2022-03-29T15:10:54","guid":{"rendered":"https:\/\/valharty.ca\/?page_id=5572"},"modified":"2022-11-02T10:49:05","modified_gmt":"2022-11-02T14:49:05","slug":"election-municipale-2022","status":"publish","type":"page","link":"https:\/\/valharty.ca\/fr\/municipalite\/election-municipale-2022\/","title":{"rendered":"\u00c9LECTION MUNICIPALE 2022"},"content":{"rendered":"<div class=\"fusion-fullwidth fullwidth-box fusion-builder-row-1 fusion-flex-container nonhundred-percent-fullwidth non-hundred-percent-height-scrolling\" style=\"background-color: rgba(255,255,255,0);background-position: center center;background-repeat: no-repeat;border-width: 0px 0px 0px 0px;border-color:#e7e4e2;border-style:solid;\" ><div class=\"fusion-builder-row fusion-row fusion-flex-align-items-flex-start\" style=\"max-width:1331.2px;margin-left: calc(-4% \/ 2 );margin-right: calc(-4% \/ 2 );\"><div class=\"fusion-layout-column fusion_builder_column fusion-builder-column-0 fusion_builder_column_1_1 1_1 fusion-flex-column\"><div class=\"fusion-column-wrapper fusion-flex-justify-content-flex-start fusion-content-layout-column\" style=\"background-position:left top;background-repeat:no-repeat;-webkit-background-size:cover;-moz-background-size:cover;-o-background-size:cover;background-size:cover;padding: 0px 0px 0px 0px;\"><div class=\"fusion-text fusion-text-1\"><h2><strong>Elections municipales et scolaires 2022<\/strong><\/h2>\n<p>Le greffier est nomm\u00e9e, par la loi, directeur du scrutin municipal. \u00c0 ce titre, il est responsable de l&rsquo;administration et de la gestion des \u00e9lections municipales, lesquelles ont lieu \u00e0 tous les quatre ans, conform\u00e9ment \u00e0 la <a title=\"Ouvrir le lien dans une nouvelle fen\u00eatre: https:\/\/www.ontario.ca\/fr\/lois\/loi\/96m32\" href=\"https:\/\/www.ontario.ca\/fr\/lois\/loi\/96m32\" target=\"_blank\" rel=\"noopener\"><em>Loi sur les \u00e9lections municipales<\/em><\/a>.<\/p>\n<h3 class=\"Center\"><strong>La prochaine \u00e9lection municipale et scolaire aura lieu le lundi 24 octobre 2022<\/strong><\/h3>\n<p><img decoding=\"async\" class=\"wp-image-5566 size-medium aligncenter\" src=\"https:\/\/valharty.ca\/wp-content\/uploads\/2022\/03\/denombrement-voterlookup-Twitter-LinkedIn-image-1-400x225.png\" alt=\"\" width=\"400\" height=\"225\" srcset=\"https:\/\/valharty.ca\/wp-content\/uploads\/2022\/03\/denombrement-voterlookup-Twitter-LinkedIn-image-1-200x113.png 200w, https:\/\/valharty.ca\/wp-content\/uploads\/2022\/03\/denombrement-voterlookup-Twitter-LinkedIn-image-1-250x141.png 250w, https:\/\/valharty.ca\/wp-content\/uploads\/2022\/03\/denombrement-voterlookup-Twitter-LinkedIn-image-1-400x225.png 400w, https:\/\/valharty.ca\/wp-content\/uploads\/2022\/03\/denombrement-voterlookup-Twitter-LinkedIn-image-1-600x338.png 600w, https:\/\/valharty.ca\/wp-content\/uploads\/2022\/03\/denombrement-voterlookup-Twitter-LinkedIn-image-1-768x432.png 768w, https:\/\/valharty.ca\/wp-content\/uploads\/2022\/03\/denombrement-voterlookup-Twitter-LinkedIn-image-1-800x450.png 800w, https:\/\/valharty.ca\/wp-content\/uploads\/2022\/03\/denombrement-voterlookup-Twitter-LinkedIn-image-1-1024x576.png 1024w, https:\/\/valharty.ca\/wp-content\/uploads\/2022\/03\/denombrement-voterlookup-Twitter-LinkedIn-image-1-1200x675.png 1200w, https:\/\/valharty.ca\/wp-content\/uploads\/2022\/03\/denombrement-voterlookup-Twitter-LinkedIn-image-1.png 1280w\" sizes=\"(max-width: 400px) 100vw, 400px\" \/><\/p>\n<p><strong>Assurez-vous d&rsquo;\u00eatre sur la liste \u00e9lectorale!\u00a0<\/strong><\/p>\n<p>La Soci\u00e9t\u00e9 d&rsquo;\u00e9valuation fronci\u00e8re des municipalit\u00e9s (SEFM) est responsable pour recueillir l&rsquo;information des r\u00e9sidents de l&rsquo;Ontario (nom, date de naissance, citoyennet\u00e9 et soutien scolaire) afin de cr\u00e9er une liste \u00e9lectorale pr\u00e9liminaire pour les \u00e9lections municipales et scolaires. Les municipalit\u00e9s utiliseront la liste \u00e9lectorale pr\u00e9liminaire pour pr\u00e9parer leurs listes \u00e9lectorales pour les \u00e9lections municipalres et scolaires de 2022.<\/p>\n<p>L&rsquo;une des mani\u00e8re dont la SEFM recueille ces renseignements est le site\u00a0<a title=\"Ouvrir une nouvelle fen\u00eatre pour voir voterlookup.ca.\" href=\"https:\/\/www.voterlookup.ca\/home.aspx\" target=\"_blank\" rel=\"noopener noreferrer\">voterlookup.ca.<\/a>\u00a0Sur ce site, les Ontariens peuvent ajouter leur nom et le nom d&rsquo;autres membres de leur m\u00e9nage \u00e0 une base de donn\u00e9es s\u00e9curis\u00e9e. Ils peuvent confirmer ou mettre \u00e0 jour leurs renseignements.<\/p>\n<p>Cela permet de s&rsquo;assurer que chaque municipalit\u00e9 se dispose de l&rsquo;information la plus exacte possible pour les \u00e9lections municipales et scolaires de 2022.<\/p>\n<p>Prenez quelques minutes pour v\u00e9rifier vos renseignements sur\u00a0<a title=\"Ouvrir une nouvelle fen\u00eatre pour voir voterlookup.ca\" href=\"https:\/\/www.voterlookup.ca\/home.aspx\" target=\"_blank\" rel=\"noopener noreferrer\">voterlookup.ca<\/a>\u00a0et encouragez vos amis et votre famille \u00e0 faire de m\u00eame.<\/p>\n<\/div><div class=\"fusion-text fusion-text-2\"><p>Le greffier est charg\u00e9 de recevoir les mises en candidature des personnes qui se pr\u00e9sentent aux diff\u00e9rents postes, de dresser la liste des \u00e9lecteurs et \u00e9lectrices, de pr\u00e9parer les bulletins de vote, de choisir les lieux de scrutin, de recruter du personnel pour les bureaux de scrutin pour la p\u00e9riode de vote par anticipation et le jour du scrutin, en plus de proc\u00e9der \u00e0 la certification et \u00e0 la distribution des r\u00e9sultats des \u00e9lections.<\/p>\n<p>\u00c0 titre de directeur du scrutin municipal, le greffier doit tenir des \u00e9lections pour les postes suivants :<\/p>\n<ul>\n<li>maire ou mairesse<\/li>\n<li>conseill\u00e8res ou conseillers (4)<\/li>\n<\/ul>\n<p>Voici la liste officielle de candidates pour les \u00e9lections municipales 2022 :<br \/><a href=\"https:\/\/valharty.ca\/wp-content\/uploads\/2022\/08\/Form-11-Official-list-2022.pdf\">Liste officielle des candidats 2022<\/a><\/p>\n<p>Veuillez cliquer sur le lien suivant pour acc\u00e9der au plan d&rsquo;accessibilit\u00e9 pour les \u00e9lection 2022 : <a href=\"https:\/\/valharty.ca\/wp-content\/uploads\/2022\/07\/2022-MUNICIPAL-ELECTIONS-ACCESSIBILTY-PLAN.pdf\">Plan d&rsquo;accessibilit\u00e9 elections municipales 2022<\/a><\/p>\n<\/div><div class=\"fusion-text fusion-text-3\"><h3 style=\"text-align: left;\">R\u00c9SULTATS DES \u00c9LECTIONS MUNICIPALES 2022<\/h3>\n<p style=\"text-align: left;\">Vous trouverez ci-dessous les r\u00e9sultats des \u00e9lections municipales 2022 pour la Municipalit\u00e9 de Val Rita-Harty;<\/p>\n<p style=\"text-align: left;\"><a href=\"https:\/\/valharty.ca\/wp-content\/uploads\/2022\/11\/Declaration-of-elected-candidates-signed.pdf\">D\u00e9claration des candidats \u00e9lus<\/a><\/p>\n<p style=\"text-align: left;\"><a href=\"https:\/\/valharty.ca\/wp-content\/uploads\/2022\/11\/Final-summary-of-results.pdf\">Sommaire des r\u00e9sultats\u00a0<\/a><\/p>\n<p><strong>Question?<\/strong><\/p>\n<p>Eric Bizier<br \/>Greffier<br \/>Eric.bizier@valharty.ca<br \/>705-335-6147<\/p>\n<\/div><style type=\"text\/css\">#accordion-5572-1 .fusion-panel:hover, #accordion-5572-1 .fusion-panel.hover{ background-color: #ffffff } #accordion-5572-1 .fusion-panel { border-color:#e7e4e2; border-width:0px; background-color:#ffffff; }.fusion-accordian  #accordion-5572-1 .panel-title a .fa-fusion-box{ color: #f09a3e;}.fusion-accordian  #accordion-5572-1 .panel-title a .fa-fusion-box:before{ font-size: 25px; width: 25px;}.fusion-accordian  #accordion-5572-1 .panel-title a{font-size:15px;}.fusion-accordian  #accordion-5572-1 .panel-title a:hover, #accordion-5572-1 .fusion-toggle-boxed-mode:hover .panel-title a { color: #f09a3e;}.fusion-accordian  #accordion-5572-1 .fusion-toggle-boxed-mode:hover .panel-title a .fa-fusion-box{ color: #f09a3e;}.fusion-accordian  #accordion-5572-1.fusion-toggle-icon-unboxed .fusion-panel .panel-title a:hover .fa-fusion-box{ color: #f09a3e !important;}<\/style><div class=\"accordian fusion-accordian\"><div class=\"panel-group fusion-toggle-icon-unboxed\" id=\"accordion-5572-1\" role=\"tablist\"><div class=\"fusion-panel panel-default fusion-toggle-no-divider fusion-toggle-boxed-mode\" role=\"tabpanel\"><div class=\"panel-heading\"><h4 class=\"panel-title toggle\"><a aria-expanded=\"false\" aria-selected=\"false\" aria-controls=\"a9ca8e77081adec51\" role=\"tab\" data-toggle=\"collapse\" data-parent=\"#accordion-5572-1\" data-target=\"#a9ca8e77081adec51\" href=\"#a9ca8e77081adec51\"><span class=\"fusion-toggle-icon-wrapper\" aria-hidden=\"true\"><i class=\"fa-fusion-box\" aria-hidden=\"true\"><\/i><\/span><span class=\"fusion-toggle-heading\"> Dates importantes<\/span><\/a><\/h4><\/div><div id=\"a9ca8e77081adec51\" class=\"panel-collapse collapse \"><div class=\"panel-body toggle-content fusion-clearfix\">\n<p>Mardi, 2 mai 2022 : Premi\u00e8re journ\u00e9e pour enregistrer votre candidature pour le poste de maire ou de conseiller. Vous pouvez enregistrer votre candidature ainsi qu&rsquo;enregistrer votre annonceur tiers \u00e0 cette date. Vous pouvez commencez votre campagne \u00e9lectoral lorsque votre candidature est enregistr\u00e9e.<\/p>\n<p>Vendredi, 19 ao\u00fbt 2022 : Journ\u00e9e de nomination. Vous avez jusqu&rsquo;\u00e0 14h00 en cette journ\u00e9e pour enregistrer votre candidature avec le greffier. Derni\u00e8re journ\u00e9e pour retirer votre candidature.<\/p>\n<p>Lundi, 22 ao\u00fbt 2022 : Derni\u00e8re journ\u00e9e pour examiner et certifier les candidatures.<\/p>\n<p>Jeudi, 1 septembre 2022 : Premi\u00e8re journ\u00e9e pour distribuer la liste \u00e9lectorale aux candidats, si demand\u00e9.<\/p>\n<p>Lundi, 26 septembre 2022 : Derni\u00e8re journ\u00e9e pour distribuer une copie de la liste de changement fait \u00e0 la liste \u00e9lectorale \u00e0 ceux qui ont re\u00e7us la liste \u00e9lectorale.<\/p>\n<p>Vendredi, 21 octobre 2022 : Derni\u00e8re journ\u00e9e pour la publicit\u00e9 de tiers \u00e0 d\u00e9poser leur avis d&rsquo;enregistrement.<\/p>\n<p>Lundi, 24 octobre 2022 : Journ\u00e9e d&rsquo;\u00e9lection. Les lieux de votes seront ouverts de 10h jusqu&rsquo;\u00e0 20h au Centre Communautaire \u00e0 Val Rita, 106 chemin du Gouvernement, et \u00e0 la station de pompier \u00e0 Harty, 2 avenue Couture.<\/p>\n<p>Mardi, 15 novembre 2022 : Le nouveau mandat du conseil commence.<\/p>\n<p>Vendredi, 16 d\u00e9cembre 2022 : Date limite pour la premi\u00e8re rencontre du nouveau conseil municipal.<\/p>\n<p>Mardi, 3 janvier 2022 : Fin de la campagne \u00e9lectorale. Derni\u00e8re journ\u00e9e pour les candidats et la publicit\u00e9 de tiers \u00e0 soumettre un avis \u00e9crit, avec le formulaire fournis, d&rsquo;un d\u00e9ficit et la continuation de leur campagne \u00e9lectorale.<\/p>\n<p>Vendredi, 31 mars 2022 : Date limite pour les candidats et la publicit\u00e9 de tiers \u00e0 soumettre leurs \u00e9tats financiers initiale et leur rapport d&rsquo;auditeur. Derni\u00e8re journ\u00e9e pour les candidats et la publicit\u00e9 de tiers d&rsquo;informer le greffier, en \u00e9crit, qu&rsquo;une application \u00e0 \u00e9t\u00e9 faite \u00e0 la Cour sup\u00e9rieure de justice pour \u00e9tendre le temps pour soumettre leurs \u00e9tats financiers initials et leur rapports d&rsquo;auditeur.<\/p>\n<\/div><\/div><\/div><div class=\"fusion-panel panel-default fusion-toggle-no-divider fusion-toggle-boxed-mode\" role=\"tabpanel\"><div class=\"panel-heading\"><h4 class=\"panel-title toggle\"><a aria-expanded=\"false\" aria-selected=\"false\" aria-controls=\"de9afb4dae83761cd\" role=\"tab\" data-toggle=\"collapse\" data-parent=\"#accordion-5572-1\" data-target=\"#de9afb4dae83761cd\" href=\"#de9afb4dae83761cd\"><span class=\"fusion-toggle-icon-wrapper\" aria-hidden=\"true\"><i class=\"fa-fusion-box\" aria-hidden=\"true\"><\/i><\/span><span class=\"fusion-toggle-heading\"> Vote par anticipation<\/span><\/a><\/h4><\/div><div id=\"de9afb4dae83761cd\" class=\"panel-collapse collapse \"><div class=\"panel-body toggle-content fusion-clearfix\">\n<p>1 octobre 2022 : De 10h \u00e0 18h au Centre Communautaire \u00e0 Val Rita, 106 chemin du Gouvernement.<\/p>\n<p>12 octobre 2022 : De 10 \u00e0 18h au Centre Communautaire \u00e0 Val rita, 106 chemin du Gouvernement.<\/p>\n<\/div><\/div><\/div><div class=\"fusion-panel panel-default fusion-toggle-no-divider fusion-toggle-boxed-mode\" role=\"tabpanel\"><div class=\"panel-heading\"><h4 class=\"panel-title toggle\"><a aria-expanded=\"false\" aria-selected=\"false\" aria-controls=\"c447a9a9f0c7dd016\" role=\"tab\" data-toggle=\"collapse\" data-parent=\"#accordion-5572-1\" data-target=\"#c447a9a9f0c7dd016\" href=\"#c447a9a9f0c7dd016\"><span class=\"fusion-toggle-icon-wrapper\" aria-hidden=\"true\"><i class=\"fa-fusion-box\" aria-hidden=\"true\"><\/i><\/span><span class=\"fusion-toggle-heading\">Jour du scrutin<\/span><\/a><\/h4><\/div><div id=\"c447a9a9f0c7dd016\" class=\"panel-collapse collapse \"><div class=\"panel-body toggle-content fusion-clearfix\">\n<p>Le greffier est responsable d&rsquo;accepter les candidatures pour les conseillers et le maire, pr\u00e9parer la liste \u00e9lectorale, pr\u00e9parer les bulletins de vote, s\u00e9lectionner les lieux de vote ainsi que l&rsquo;\u00e9quipe pour les journ\u00e9es de vote par anticipation et la journ\u00e9e d&rsquo;\u00e9lection. Le greffier est aussi responsable de certifier et distibuer les r\u00e9sultats de l&rsquo;\u00e9lection.<\/p>\n<p>Le greffier, comme Directeur de scrutin, conduit les \u00e9lections pour les postes de :<\/p>\n<ul>\n<li>Maire<\/li>\n<li>Conseillers (4)<\/li>\n<\/ul>\n<p>Questions ?<\/p>\n<p>Eric Bizier<br \/>Greffier<br \/>eric.bizier@valharty.ca<br \/>705-335-6146<\/p>\n<\/div><\/div><\/div><\/div><\/div><\/div><\/div><style type=\"text\/css\">.fusion-body .fusion-builder-column-0{width:100% !important;margin-top : 10px;margin-bottom : 10px;}.fusion-builder-column-0 > .fusion-column-wrapper {padding-top : 0px !important;padding-right : 0px !important;margin-right : 1.92%;padding-bottom : 0px !important;padding-left : 0px !important;margin-left : 1.92%;}@media only screen and (max-width:1024px) {.fusion-body .fusion-builder-column-0{width:100% !important;order : 0;}.fusion-builder-column-0 > .fusion-column-wrapper {margin-right : 1.92%;margin-left : 1.92%;}}@media only screen and (max-width:640px) {.fusion-body .fusion-builder-column-0{width:100% !important;order : 0;}.fusion-builder-column-0 > .fusion-column-wrapper {margin-right : 1.92%;margin-left : 1.92%;}}<\/style><\/div><style type=\"text\/css\">.fusion-body .fusion-flex-container.fusion-builder-row-1{ padding-top : 0px;margin-top : 0px;padding-right : 0px;padding-bottom : 0px;margin-bottom : 0px;padding-left : 0px;}<\/style><\/div>\n","protected":false},"excerpt":{"rendered":"","protected":false},"author":1,"featured_media":0,"parent":3479,"menu_order":0,"comment_status":"closed","ping_status":"closed","template":"page-inner.php","meta":{"inline_featured_image":false,"footnotes":""},"class_list":["post-5572","page","type-page","status-publish","hentry"],"acf":[],"yoast_head":"<!-- This site is optimized with the Yoast SEO plugin v27.3 - https:\/\/yoast.com\/product\/yoast-seo-wordpress\/ -->\n<title>\u00c9LECTION MUNICIPALE 2022 | VAL RITA-HARTY<\/title>\n<meta name=\"robots\" content=\"index, follow, max-snippet:-1, max-image-preview:large, max-video-preview:-1\" \/>\n<link rel=\"canonical\" href=\"https:\/\/valharty.ca\/fr\/municipalite\/election-municipale-2022\/\" \/>\n<meta property=\"og:locale\" content=\"fr_FR\" \/>\n<meta property=\"og:type\" content=\"article\" \/>\n<meta property=\"og:title\" content=\"\u00c9LECTION MUNICIPALE 2022 | VAL RITA-HARTY\" \/>\n<meta property=\"og:url\" content=\"https:\/\/valharty.ca\/fr\/municipalite\/election-municipale-2022\/\" \/>\n<meta property=\"og:site_name\" content=\"VAL RITA-HARTY\" \/>\n<meta property=\"article:publisher\" content=\"https:\/\/www.facebook.com\/valharty.ca\" \/>\n<meta property=\"article:modified_time\" content=\"2022-11-02T14:49:05+00:00\" \/>\n<meta property=\"og:image\" content=\"https:\/\/valharty.ca\/wp-content\/uploads\/2022\/03\/denombrement-voterlookup-Twitter-LinkedIn-image-1-400x225.png\" \/>\n<meta name=\"twitter:card\" content=\"summary_large_image\" \/>\n<meta name=\"twitter:label1\" content=\"Dur\u00e9e de lecture estim\u00e9e\" \/>\n\t<meta name=\"twitter:data1\" content=\"7 minutes\" \/>\n<script type=\"application\/ld+json\" class=\"yoast-schema-graph\">{\"@context\":\"https:\\\/\\\/schema.org\",\"@graph\":[{\"@type\":\"WebPage\",\"@id\":\"https:\\\/\\\/valharty.ca\\\/fr\\\/municipalite\\\/election-municipale-2022\\\/\",\"url\":\"https:\\\/\\\/valharty.ca\\\/fr\\\/municipalite\\\/election-municipale-2022\\\/\",\"name\":\"\u00c9LECTION MUNICIPALE 2022 | VAL RITA-HARTY\",\"isPartOf\":{\"@id\":\"https:\\\/\\\/valharty.ca\\\/fr\\\/#website\"},\"primaryImageOfPage\":{\"@id\":\"https:\\\/\\\/valharty.ca\\\/fr\\\/municipalite\\\/election-municipale-2022\\\/#primaryimage\"},\"image\":{\"@id\":\"https:\\\/\\\/valharty.ca\\\/fr\\\/municipalite\\\/election-municipale-2022\\\/#primaryimage\"},\"thumbnailUrl\":\"https:\\\/\\\/valharty.ca\\\/wp-content\\\/uploads\\\/2022\\\/03\\\/denombrement-voterlookup-Twitter-LinkedIn-image-1-400x225.png\",\"datePublished\":\"2022-03-29T15:10:54+00:00\",\"dateModified\":\"2022-11-02T14:49:05+00:00\",\"breadcrumb\":{\"@id\":\"https:\\\/\\\/valharty.ca\\\/fr\\\/municipalite\\\/election-municipale-2022\\\/#breadcrumb\"},\"inLanguage\":\"fr-FR\",\"potentialAction\":[{\"@type\":\"ReadAction\",\"target\":[\"https:\\\/\\\/valharty.ca\\\/fr\\\/municipalite\\\/election-municipale-2022\\\/\"]}]},{\"@type\":\"ImageObject\",\"inLanguage\":\"fr-FR\",\"@id\":\"https:\\\/\\\/valharty.ca\\\/fr\\\/municipalite\\\/election-municipale-2022\\\/#primaryimage\",\"url\":\"https:\\\/\\\/valharty.ca\\\/wp-content\\\/uploads\\\/2022\\\/03\\\/denombrement-voterlookup-Twitter-LinkedIn-image-1-400x225.png\",\"contentUrl\":\"https:\\\/\\\/valharty.ca\\\/wp-content\\\/uploads\\\/2022\\\/03\\\/denombrement-voterlookup-Twitter-LinkedIn-image-1-400x225.png\"},{\"@type\":\"BreadcrumbList\",\"@id\":\"https:\\\/\\\/valharty.ca\\\/fr\\\/municipalite\\\/election-municipale-2022\\\/#breadcrumb\",\"itemListElement\":[{\"@type\":\"ListItem\",\"position\":1,\"name\":\"Home\",\"item\":\"https:\\\/\\\/valharty.ca\\\/fr\\\/\"},{\"@type\":\"ListItem\",\"position\":2,\"name\":\"MUNICIPALIT\u00c9\",\"item\":\"https:\\\/\\\/valharty.ca\\\/fr\\\/municipalite\\\/\"},{\"@type\":\"ListItem\",\"position\":3,\"name\":\"\u00c9LECTION MUNICIPALE 2022\"}]},{\"@type\":\"WebSite\",\"@id\":\"https:\\\/\\\/valharty.ca\\\/fr\\\/#website\",\"url\":\"https:\\\/\\\/valharty.ca\\\/fr\\\/\",\"name\":\"VAL RITA-HARTY\",\"description\":\"Ontario, Canada\",\"publisher\":{\"@id\":\"https:\\\/\\\/valharty.ca\\\/fr\\\/#organization\"},\"potentialAction\":[{\"@type\":\"SearchAction\",\"target\":{\"@type\":\"EntryPoint\",\"urlTemplate\":\"https:\\\/\\\/valharty.ca\\\/fr\\\/?s={search_term_string}\"},\"query-input\":{\"@type\":\"PropertyValueSpecification\",\"valueRequired\":true,\"valueName\":\"search_term_string\"}}],\"inLanguage\":\"fr-FR\"},{\"@type\":\"Organization\",\"@id\":\"https:\\\/\\\/valharty.ca\\\/fr\\\/#organization\",\"name\":\"Municipality of Val Rita-Harty\",\"url\":\"https:\\\/\\\/valharty.ca\\\/fr\\\/\",\"logo\":{\"@type\":\"ImageObject\",\"inLanguage\":\"fr-FR\",\"@id\":\"https:\\\/\\\/valharty.ca\\\/fr\\\/#\\\/schema\\\/logo\\\/image\\\/\",\"url\":\"https:\\\/\\\/valharty.ca\\\/wp-content\\\/uploads\\\/2020\\\/02\\\/ValRita_Harty_Logo_Footer250x275.svg\",\"contentUrl\":\"https:\\\/\\\/valharty.ca\\\/wp-content\\\/uploads\\\/2020\\\/02\\\/ValRita_Harty_Logo_Footer250x275.svg\",\"width\":200,\"height\":275,\"caption\":\"Municipality of Val Rita-Harty\"},\"image\":{\"@id\":\"https:\\\/\\\/valharty.ca\\\/fr\\\/#\\\/schema\\\/logo\\\/image\\\/\"},\"sameAs\":[\"https:\\\/\\\/www.facebook.com\\\/valharty.ca\"]}]}<\/script>\n<!-- \/ Yoast SEO plugin. -->","yoast_head_json":{"title":"\u00c9LECTION MUNICIPALE 2022 | VAL RITA-HARTY","robots":{"index":"index","follow":"follow","max-snippet":"max-snippet:-1","max-image-preview":"max-image-preview:large","max-video-preview":"max-video-preview:-1"},"canonical":"https:\/\/valharty.ca\/fr\/municipalite\/election-municipale-2022\/","og_locale":"fr_FR","og_type":"article","og_title":"\u00c9LECTION MUNICIPALE 2022 | VAL RITA-HARTY","og_url":"https:\/\/valharty.ca\/fr\/municipalite\/election-municipale-2022\/","og_site_name":"VAL RITA-HARTY","article_publisher":"https:\/\/www.facebook.com\/valharty.ca","article_modified_time":"2022-11-02T14:49:05+00:00","og_image":[{"url":"https:\/\/valharty.ca\/wp-content\/uploads\/2022\/03\/denombrement-voterlookup-Twitter-LinkedIn-image-1-400x225.png","type":"","width":"","height":""}],"twitter_card":"summary_large_image","twitter_misc":{"Dur\u00e9e de lecture estim\u00e9e":"7 minutes"},"schema":{"@context":"https:\/\/schema.org","@graph":[{"@type":"WebPage","@id":"https:\/\/valharty.ca\/fr\/municipalite\/election-municipale-2022\/","url":"https:\/\/valharty.ca\/fr\/municipalite\/election-municipale-2022\/","name":"\u00c9LECTION MUNICIPALE 2022 | VAL RITA-HARTY","isPartOf":{"@id":"https:\/\/valharty.ca\/fr\/#website"},"primaryImageOfPage":{"@id":"https:\/\/valharty.ca\/fr\/municipalite\/election-municipale-2022\/#primaryimage"},"image":{"@id":"https:\/\/valharty.ca\/fr\/municipalite\/election-municipale-2022\/#primaryimage"},"thumbnailUrl":"https:\/\/valharty.ca\/wp-content\/uploads\/2022\/03\/denombrement-voterlookup-Twitter-LinkedIn-image-1-400x225.png","datePublished":"2022-03-29T15:10:54+00:00","dateModified":"2022-11-02T14:49:05+00:00","breadcrumb":{"@id":"https:\/\/valharty.ca\/fr\/municipalite\/election-municipale-2022\/#breadcrumb"},"inLanguage":"fr-FR","potentialAction":[{"@type":"ReadAction","target":["https:\/\/valharty.ca\/fr\/municipalite\/election-municipale-2022\/"]}]},{"@type":"ImageObject","inLanguage":"fr-FR","@id":"https:\/\/valharty.ca\/fr\/municipalite\/election-municipale-2022\/#primaryimage","url":"https:\/\/valharty.ca\/wp-content\/uploads\/2022\/03\/denombrement-voterlookup-Twitter-LinkedIn-image-1-400x225.png","contentUrl":"https:\/\/valharty.ca\/wp-content\/uploads\/2022\/03\/denombrement-voterlookup-Twitter-LinkedIn-image-1-400x225.png"},{"@type":"BreadcrumbList","@id":"https:\/\/valharty.ca\/fr\/municipalite\/election-municipale-2022\/#breadcrumb","itemListElement":[{"@type":"ListItem","position":1,"name":"Home","item":"https:\/\/valharty.ca\/fr\/"},{"@type":"ListItem","position":2,"name":"MUNICIPALIT\u00c9","item":"https:\/\/valharty.ca\/fr\/municipalite\/"},{"@type":"ListItem","position":3,"name":"\u00c9LECTION MUNICIPALE 2022"}]},{"@type":"WebSite","@id":"https:\/\/valharty.ca\/fr\/#website","url":"https:\/\/valharty.ca\/fr\/","name":"VAL RITA-HARTY","description":"Ontario, Canada","publisher":{"@id":"https:\/\/valharty.ca\/fr\/#organization"},"potentialAction":[{"@type":"SearchAction","target":{"@type":"EntryPoint","urlTemplate":"https:\/\/valharty.ca\/fr\/?s={search_term_string}"},"query-input":{"@type":"PropertyValueSpecification","valueRequired":true,"valueName":"search_term_string"}}],"inLanguage":"fr-FR"},{"@type":"Organization","@id":"https:\/\/valharty.ca\/fr\/#organization","name":"Municipality of Val Rita-Harty","url":"https:\/\/valharty.ca\/fr\/","logo":{"@type":"ImageObject","inLanguage":"fr-FR","@id":"https:\/\/valharty.ca\/fr\/#\/schema\/logo\/image\/","url":"https:\/\/valharty.ca\/wp-content\/uploads\/2020\/02\/ValRita_Harty_Logo_Footer250x275.svg","contentUrl":"https:\/\/valharty.ca\/wp-content\/uploads\/2020\/02\/ValRita_Harty_Logo_Footer250x275.svg","width":200,"height":275,"caption":"Municipality of Val Rita-Harty"},"image":{"@id":"https:\/\/valharty.ca\/fr\/#\/schema\/logo\/image\/"},"sameAs":["https:\/\/www.facebook.com\/valharty.ca"]}]}},"_links":{"self":[{"href":"https:\/\/valharty.ca\/fr\/wp-json\/wp\/v2\/pages\/5572","targetHints":{"allow":["GET"]}}],"collection":[{"href":"https:\/\/valharty.ca\/fr\/wp-json\/wp\/v2\/pages"}],"about":[{"href":"https:\/\/valharty.ca\/fr\/wp-json\/wp\/v2\/types\/page"}],"author":[{"embeddable":true,"href":"https:\/\/valharty.ca\/fr\/wp-json\/wp\/v2\/users\/1"}],"replies":[{"embeddable":true,"href":"https:\/\/valharty.ca\/fr\/wp-json\/wp\/v2\/comments?post=5572"}],"version-history":[{"count":14,"href":"https:\/\/valharty.ca\/fr\/wp-json\/wp\/v2\/pages\/5572\/revisions"}],"predecessor-version":[{"id":6578,"href":"https:\/\/valharty.ca\/fr\/wp-json\/wp\/v2\/pages\/5572\/revisions\/6578"}],"up":[{"embeddable":true,"href":"https:\/\/valharty.ca\/fr\/wp-json\/wp\/v2\/pages\/3479"}],"wp:attachment":[{"href":"https:\/\/valharty.ca\/fr\/wp-json\/wp\/v2\/media?parent=5572"}],"curies":[{"name":"wp","href":"https:\/\/api.w.org\/{rel}","templated":true}]}}